{"version":"1.0","provider_name":"Festival Mtl en Arts","provider_url":"https:\/\/www.mtlenarts.com\/en\/","title":"Matthew Belval - Festival Mtl en Arts","type":"rich","width":600,"height":338,"html":"<blockquote class=\"wp-embedded-content\" data-secret=\"l5o04KraxX\"><a href=\"https:\/\/www.mtlenarts.com\/en\/performeur-2024\/matthew-belval\/\">Matthew Belval<\/a><\/blockquote><iframe sandbox=\"allow-scripts\" security=\"restricted\" src=\"https:\/\/www.mtlenarts.com\/en\/performeur-2024\/matthew-belval\/embed\/#?secret=l5o04KraxX\" width=\"600\" height=\"338\" title=\"&#8220;Matthew Belval&#8221; &#8212; Festival Mtl en Arts\" data-secret=\"l5o04KraxX\" frameborder=\"0\" marginwidth=\"0\" marginheight=\"0\" scrolling=\"no\" class=\"wp-embedded-content\"><\/iframe><script>\n\/*! This file is auto-generated *\/\n!function(d,l){\"use strict\";l.querySelector&&d.addEventListener&&\"undefined\"!=typeof URL&&(d.wp=d.wp||{},d.wp.receiveEmbedMessage||(d.wp.receiveEmbedMessage=function(e){var t=e.data;if((t||t.secret||t.message||t.value)&&!\/[^a-zA-Z0-9]\/.test(t.secret)){for(var s,r,n,a=l.querySelectorAll('iframe[data-secret=\"'+t.secret+'\"]'),o=l.querySelectorAll('blockquote[data-secret=\"'+t.secret+'\"]'),c=new RegExp(\"^https?:$\",\"i\"),i=0;i<o.length;i++)o[i].style.display=\"none\";for(i=0;i<a.length;i++)s=a[i],e.source===s.contentWindow&&(s.removeAttribute(\"style\"),\"height\"===t.message?(1e3<(r=parseInt(t.value,10))?r=1e3:~~r<200&&(r=200),s.height=r):\"link\"===t.message&&(r=new URL(s.getAttribute(\"src\")),n=new URL(t.value),c.test(n.protocol))&&n.host===r.host&&l.activeElement===s&&(d.top.location.href=t.value))}},d.addEventListener(\"message\",d.wp.receiveEmbedMessage,!1),l.addEventListener(\"DOMContentLoaded\",function(){for(var e,t,s=l.querySelectorAll(\"iframe.wp-embedded-content\"),r=0;r<s.length;r++)(t=(e=s[r]).getAttribute(\"data-secret\"))||(t=Math.random().toString(36).substring(2,12),e.src+=\"#?secret=\"+t,e.setAttribute(\"data-secret\",t)),e.contentWindow.postMessage({message:\"ready\",secret:t},\"*\")},!1)))}(window,document);\n\/\/# sourceURL=https:\/\/www.mtlenarts.com\/wp-includes\/js\/wp-embed.min.js\n<\/script>","thumbnail_url":"https:\/\/www.mtlenarts.com\/wp-content\/uploads\/2024\/06\/Profil-Matthew-Belval-scaled.jpg","thumbnail_width":2560,"thumbnail_height":1706,"description":"Originaire de Granby, Matthew Belval vit et travaille \u00e0 Montr\u00e9al.Tr\u00e8s jeune, il est initi\u00e9 \u00e0 la peinture par un artiste mont\u00e9r\u00e9gien. Il poursuit son d\u00e9veloppement artistique dans diverses institutions, mais c'est dans le monde boh\u00e8me qu'il trouve sa voie. \u00c0 l'\u00e9t\u00e9 2009, Matthew quitte sa ville natale pour s'installer en m\u00e9tropole, o\u00f9 la condition des sans-abri l'\u00e9meut. Le quartier \u00e9veille sa sensibilit\u00e9 \u00e0 l'humanit\u00e9, malgr\u00e9 les barri\u00e8res sociales. Il entame une touchante s\u00e9rie de toiles consacr\u00e9es \u00e0 la rue. \u00c0 partir de 2014, Matthew se rend r\u00e9guli\u00e8rement au bar La Rockette pour peindre devant un public avec une poign\u00e9e d'autres artistes. En 2016, il lance le projet \u00ab Backstage \u00bb, pr\u00e9sentant des artistes de la sc\u00e8ne, hors sc\u00e8ne. Il a notamment \u00e9t\u00e9 approch\u00e9 par Jacques Jacobus pour cr\u00e9er la pochette de son album. En 2018, son travail fait sa premi\u00e8re apparition au cin\u00e9ma. On lui demande de cr\u00e9er une \u0153uvre originale pour le court m\u00e9trage \"La Porte\", qui raconte l'histoire d'un peintre agoraphobe jou\u00e9 par Patrick Huard. Depuis 2014, son travail a \u00e9t\u00e9 s\u00e9lectionn\u00e9 \u00e0 plusieurs reprises pour participer \u00e0 des \u00e9v\u00e9nements-b\u00e9n\u00e9fices organis\u00e9s par des fondations prestigieuses telles que Art Sida, Jacques Bouchard et Le Groupe Perron."}